{"id":108078,"date":"2025-03-11T18:19:58","date_gmt":"2025-03-11T18:19:58","guid":{"rendered":"https:\/\/www.irdin.org.br\/site\/?post_type=product&#038;p=108078"},"modified":"2026-03-16T12:38:19","modified_gmt":"2026-03-16T15:38:19","slug":"9786588468845","status":"publish","type":"product","link":"https:\/\/www.irdin.org.br\/site\/produtos\/9786588468845\/","title":{"rendered":"La Voz del Padre Eterno"},"content":{"rendered":"<p><em>\u201cAbre tu mente e imag\u00edname. Soy m\u00e1s que lo que se ha escrito sobre M\u00ed.Mi Ciencia es Sabidur\u00eda y les doy a Mis criaturas esa Sabidur\u00eda para que Me puedanrepresentar.Mi Amor es Compasi\u00f3n. Les doy a Mis criaturas Mi Misericordia para que se puedanperdonar a s\u00ed mismas y a los dem\u00e1s. Debes saber que no estoy lejos de todo lo queesta humanidad y este planeta viven. Yo tambi\u00e9n sufro el pesar de Mis criaturas, peromuchos de Mis hijos se apartaron de Mi Amor y, al apartarse de Mi Amor, se alejaronde Mi Verdad.A\u00fan estoy con los Brazos abiertos y, en silencio, espero a cada uno de Mis hijos paraque est\u00e9 a Mi lado, junto a un Padre que lo ama desde siempre, con un Amor que nocambia, con un Amor que lo lleva hacia la Verdad.\u201d<\/em><br \/>\nPalabras del Padre Eterno. 2 de noviembre de 2021.<\/p>\n<p>Inconmensurable es la Gracia que recibimos al permitirnos sentir las Palabras denuestro Creador que, con Su paciencia y bondad eternas, nos revela una vez m\u00e1s SuFaz para curarnos y ayudarnos a retomar el verdadero camino: la vivencia del amor y del perd\u00f3n.<\/p>\n<p><a class=\"pdf\" href=\"\/pdf\/La Voz del Padre Eterno_WEB.pdf\" target=\"_blank\" rel=\"noopener\">Baixar Gratuitamente<\/a><\/p>\n<p><iframe loading=\"lazy\" title=\"A VOZ DO PAI ETERNO - LAN\u00c7AMENTO IRDIN EDITORA!\" width=\"500\" height=\"281\" src=\"https:\/\/www.youtube.com\/embed\/aQkoolezHc4?feature=oembed\" frameborder=\"0\" allow=\"accelerometer; autoplay; clipboard-write; encrypted-media; gyroscope; picture-in-picture; web-share\" referrerpolicy=\"strict-origin-when-cross-origin\" allowfullscreen><\/iframe><\/p>\n","protected":false},"excerpt":{"rendered":"<p>\u201cAbre tu mente e imag\u00edname. Soy m\u00e1s que lo que se ha escrito sobre M\u00ed.Mi Ciencia es Sabidur\u00eda y les<\/p>\n","protected":false},"featured_media":108079,"template":"","meta":{"_acf_changed":false},"product_brand":[],"product_cat":[33286,17972],"product_tag":[44149],"class_list":{"0":"post-108078","1":"product","2":"type-product","3":"status-publish","4":"has-post-thumbnail","6":"product_cat-livro","7":"product_cat-livros-livro","8":"product_tag-lancamento","9":"pa_autor-frei-elias-del-sagrado-corazon","10":"pa_autor-ordem-graca-misericordia","11":"pa_classe-do-produto-fisico","12":"pa_codigo-de-barras-44205","13":"pa_idioma-de-destino-espanhol","14":"pa_idioma-de-origem-portugues","15":"pa_lancamento-yes","16":"pa_midia-papel","17":"pa_quantidade-de-paginas-44204","18":"pa_quantidade-de-saldo-32994","19":"pa_tipo-de-traducao-nao-classificado","21":"first","22":"instock","23":"purchasable","24":"product-type-simple"},"acf":[],"_links":{"self":[{"href":"https:\/\/www.irdin.org.br\/site\/wp-json\/wp\/v2\/product\/108078","targetHints":{"allow":["GET"]}}],"collection":[{"href":"https:\/\/www.irdin.org.br\/site\/wp-json\/wp\/v2\/product"}],"about":[{"href":"https:\/\/www.irdin.org.br\/site\/wp-json\/wp\/v2\/types\/product"}],"version-history":[{"count":3,"href":"https:\/\/www.irdin.org.br\/site\/wp-json\/wp\/v2\/product\/108078\/revisions"}],"predecessor-version":[{"id":109743,"href":"https:\/\/www.irdin.org.br\/site\/wp-json\/wp\/v2\/product\/108078\/revisions\/109743"}],"wp:featuredmedia":[{"embeddable":true,"href":"https:\/\/www.irdin.org.br\/site\/wp-json\/wp\/v2\/media\/108079"}],"wp:attachment":[{"href":"https:\/\/www.irdin.org.br\/site\/wp-json\/wp\/v2\/media?parent=108078"}],"wp:term":[{"taxonomy":"product_brand","embeddable":true,"href":"https:\/\/www.irdin.org.br\/site\/wp-json\/wp\/v2\/product_brand?post=108078"},{"taxonomy":"product_cat","embeddable":true,"href":"https:\/\/www.irdin.org.br\/site\/wp-json\/wp\/v2\/product_cat?post=108078"},{"taxonomy":"product_tag","embeddable":true,"href":"https:\/\/www.irdin.org.br\/site\/wp-json\/wp\/v2\/product_tag?post=108078"}],"curies":[{"name":"wp","href":"https:\/\/api.w.org\/{rel}","templated":true}]}}