{"id":82881,"date":"2018-04-26T18:12:51","date_gmt":"2018-04-26T18:12:51","guid":{"rendered":"http:\/\/www.irdin.org.br\/site\/produto\/presenca-de-sao-jose-volumes-3-e-4\/"},"modified":"2025-03-15T23:40:14","modified_gmt":"2025-03-15T23:40:14","slug":"presenca-de-sao-jose-volumes-3-e-4","status":"publish","type":"product","link":"https:\/\/www.irdin.org.br\/site\/produtos\/presenca-de-sao-jose-volumes-3-e-4\/","title":{"rendered":"Presen\u00e7a de S\u00e3o Jos\u00e9 &#8211; Volumes 3 e 4"},"content":{"rendered":"<p>Esta cole\u00e7\u00e3o, contendo os volumes 3 e 4, re\u00fane 13 palestras em que Trigueirinho vem aprofundando temas apresentados nas mensagens transmitidas por S\u00e3o Jos\u00e9 a um grupo de videntes.<\/p>\n<p>&nbsp;<br \/>\n<strong>Faixas:<\/strong><\/p>\n<p><span data-href=\"https:\/\/www.irdin.org.br\/site\/envios\/audios\/2867_0013__por_por__sao_jose_e_as_nossas_idades.mp3\" data-title=\"1 - s\u00e3o jos\u00e9 e as nossas idades\" data-rel=\"\" data-target=\"\" data-meta=\"#fap-meta-69ec8928b452a\" class=\"fap-single-track fap-track-button fap-play-button\" data-enqueue=\"no\" data-autoenqueue=\"no\" title=\"1 - s\u00e3o jos\u00e9 e as nossas idades\"><span class=\"fap-icon-play\"><\/span>Ouvir<\/span> <a href=\"https:\/\/www.irdin.org.br\/site\/envios\/audios\/2867_0013__por_por__sao_jose_e_as_nossas_idades.mp3\" class=\"baixar\"><span class=\"fa fa-arrow-down\"><\/span>Baixar<\/span><\/a> <span class=\"textobaixar\"> 1 &#8211; s\u00e3o jos\u00e9 e as nossas idades<\/span><br \/>\n<span data-href=\"https:\/\/www.irdin.org.br\/site\/envios\/audios\/2867_0011__por_por__o_nosso_potencial_desconhecido.mp3\" data-title=\"2 - o nosso potencial desconhecido\" data-rel=\"\" data-target=\"\" data-meta=\"#fap-meta-69ec8928b4684\" class=\"fap-single-track fap-track-button fap-play-button\" data-enqueue=\"no\" data-autoenqueue=\"no\" title=\"2 - o nosso potencial desconhecido\"><span class=\"fap-icon-play\"><\/span>Ouvir<\/span> <a href=\"https:\/\/www.irdin.org.br\/site\/envios\/audios\/2867_0011__por_por__o_nosso_potencial_desconhecido.mp3\" class=\"baixar\"><span class=\"fa fa-arrow-down\"><\/span>Baixar<\/span><\/a> <span class=\"textobaixar\"> 2 &#8211; o nosso potencial desconhecido<\/span><br \/>\n<span data-href=\"https:\/\/www.irdin.org.br\/site\/envios\/audios\/2867_0012__por_por__a_revolucao_de_sao_jose.mp3\" data-title=\"3 - a revolu\u00e7\u00e3o de s\u00e3o jos\u00e9\" data-rel=\"\" data-target=\"\" data-meta=\"#fap-meta-69ec8928b475a\" class=\"fap-single-track fap-track-button fap-play-button\" data-enqueue=\"no\" data-autoenqueue=\"no\" title=\"3 - a revolu\u00e7\u00e3o de s\u00e3o jos\u00e9\"><span class=\"fap-icon-play\"><\/span>Ouvir<\/span> <a href=\"https:\/\/www.irdin.org.br\/site\/envios\/audios\/2867_0012__por_por__a_revolucao_de_sao_jose.mp3\" class=\"baixar\"><span class=\"fa fa-arrow-down\"><\/span>Baixar<\/span><\/a> <span class=\"textobaixar\"> 3 &#8211; a revolu\u00e7\u00e3o de s\u00e3o jos\u00e9<\/span><br \/>\n<span data-href=\"https:\/\/www.irdin.org.br\/site\/envios\/audios\/2867_0014__por_por__sao_jose_e_a_luta_solitaria_dos_valentes.mp3\" data-title=\"4 - s\u00e3o jos\u00e9 e a luta solit\u00e1ria dos valentes\" data-rel=\"\" data-target=\"\" data-meta=\"#fap-meta-69ec8928b47fa\" class=\"fap-single-track fap-track-button fap-play-button\" data-enqueue=\"no\" data-autoenqueue=\"no\" title=\"4 - s\u00e3o jos\u00e9 e a luta solit\u00e1ria dos valentes\"><span class=\"fap-icon-play\"><\/span>Ouvir<\/span> <a href=\"https:\/\/www.irdin.org.br\/site\/envios\/audios\/2867_0014__por_por__sao_jose_e_a_luta_solitaria_dos_valentes.mp3\" class=\"baixar\"><span class=\"fa fa-arrow-down\"><\/span>Baixar<\/span><\/a> <span class=\"textobaixar\"> 4 &#8211; s\u00e3o jos\u00e9 e a luta solit\u00e1ria dos valentes<\/span><br \/>\n<span data-href=\"https:\/\/www.irdin.org.br\/site\/envios\/audios\/2867_0015__por_por__despertar_para_os_tempos_definitivos.mp3\" data-title=\"5 - despertar para os tempos definitivos\" data-rel=\"\" data-target=\"\" data-meta=\"#fap-meta-69ec8928b490f\" class=\"fap-single-track fap-track-button fap-play-button\" data-enqueue=\"no\" data-autoenqueue=\"no\" title=\"5 - despertar para os tempos definitivos\"><span class=\"fap-icon-play\"><\/span>Ouvir<\/span> <a href=\"https:\/\/www.irdin.org.br\/site\/envios\/audios\/2867_0015__por_por__despertar_para_os_tempos_definitivos.mp3\" class=\"baixar\"><span class=\"fa fa-arrow-down\"><\/span>Baixar<\/span><\/a> <span class=\"textobaixar\"> 5 &#8211; despertar para os tempos definitivos<\/span><br \/>\n<span data-href=\"https:\/\/www.irdin.org.br\/site\/envios\/audios\/2867_0016__por_por__o_lado_oculto_nas_aparicoes_dos_seres_divinos.mp3\" data-title=\"6 - o lado oculto nas apari\u00e7\u00f5es dos seres divinos\" data-rel=\"\" data-target=\"\" data-meta=\"#fap-meta-69ec8928b49c0\" class=\"fap-single-track fap-track-button fap-play-button\" data-enqueue=\"no\" data-autoenqueue=\"no\" title=\"6 - o lado oculto nas apari\u00e7\u00f5es dos seres divinos\"><span class=\"fap-icon-play\"><\/span>Ouvir<\/span> <a href=\"https:\/\/www.irdin.org.br\/site\/envios\/audios\/2867_0016__por_por__o_lado_oculto_nas_aparicoes_dos_seres_divinos.mp3\" class=\"baixar\"><span class=\"fa fa-arrow-down\"><\/span>Baixar<\/span><\/a> <span class=\"textobaixar\"> 6 &#8211; o lado oculto nas apari\u00e7\u00f5es dos seres divinos<\/span><br \/>\n<span data-href=\"https:\/\/www.irdin.org.br\/site\/envios\/audios\/2867_0017__por_por__sao_jose_e_os_144_mil.mp3\" data-title=\"7 - s\u00e3o jos\u00e9 e os 144 mil\" data-rel=\"\" data-target=\"\" data-meta=\"#fap-meta-69ec8928b4aa5\" class=\"fap-single-track fap-track-button fap-play-button\" data-enqueue=\"no\" data-autoenqueue=\"no\" title=\"7 - s\u00e3o jos\u00e9 e os 144 mil\"><span class=\"fap-icon-play\"><\/span>Ouvir<\/span> <a href=\"https:\/\/www.irdin.org.br\/site\/envios\/audios\/2867_0017__por_por__sao_jose_e_os_144_mil.mp3\" class=\"baixar\"><span class=\"fa fa-arrow-down\"><\/span>Baixar<\/span><\/a> <span class=\"textobaixar\"> 7 &#8211; s\u00e3o jos\u00e9 e os 144 mil<\/span><br \/>\n<span data-href=\"https:\/\/www.irdin.org.br\/site\/envios\/audios\/2867_0018__por_por__a_semente_de_um_novo_coracao.mp3\" data-title=\"8 - a semente de um novo cora\u00e7\u00e3o\" data-rel=\"\" data-target=\"\" data-meta=\"#fap-meta-69ec8928b4b3f\" class=\"fap-single-track fap-track-button fap-play-button\" data-enqueue=\"no\" data-autoenqueue=\"no\" title=\"8 - a semente de um novo cora\u00e7\u00e3o\"><span class=\"fap-icon-play\"><\/span>Ouvir<\/span> <a href=\"https:\/\/www.irdin.org.br\/site\/envios\/audios\/2867_0018__por_por__a_semente_de_um_novo_coracao.mp3\" class=\"baixar\"><span class=\"fa fa-arrow-down\"><\/span>Baixar<\/span><\/a> <span class=\"textobaixar\"> 8 &#8211; a semente de um novo cora\u00e7\u00e3o<\/span><br \/>\n<span data-href=\"https:\/\/www.irdin.org.br\/site\/envios\/audios\/2867_0019__por_por__sao_jose_e_a_libertacao_da_condicao_humana.mp3\" data-title=\"9 - s\u00e3o jos\u00e9 e a liberta\u00e7\u00e3o da condi\u00e7\u00e3o humana\" data-rel=\"\" data-target=\"\" data-meta=\"#fap-meta-69ec8928b4c40\" class=\"fap-single-track fap-track-button fap-play-button\" data-enqueue=\"no\" data-autoenqueue=\"no\" title=\"9 - s\u00e3o jos\u00e9 e a liberta\u00e7\u00e3o da condi\u00e7\u00e3o humana\"><span class=\"fap-icon-play\"><\/span>Ouvir<\/span> <a href=\"https:\/\/www.irdin.org.br\/site\/envios\/audios\/2867_0019__por_por__sao_jose_e_a_libertacao_da_condicao_humana.mp3\" class=\"baixar\"><span class=\"fa fa-arrow-down\"><\/span>Baixar<\/span><\/a> <span class=\"textobaixar\"> 9 &#8211; s\u00e3o jos\u00e9 e a liberta\u00e7\u00e3o da condi\u00e7\u00e3o humana<\/span><br \/>\n<span data-href=\"https:\/\/www.irdin.org.br\/site\/envios\/audios\/2867_0020__por_por__sao_jose_e_a_vida_do_espirito.mp3\" data-title=\"10 - s\u00e3o jos\u00e9 e a vida do esp\u00edrito\" data-rel=\"\" data-target=\"\" data-meta=\"#fap-meta-69ec8928b4d3d\" class=\"fap-single-track fap-track-button fap-play-button\" data-enqueue=\"no\" data-autoenqueue=\"no\" title=\"10 - s\u00e3o jos\u00e9 e a vida do esp\u00edrito\"><span class=\"fap-icon-play\"><\/span>Ouvir<\/span> <a href=\"https:\/\/www.irdin.org.br\/site\/envios\/audios\/2867_0020__por_por__sao_jose_e_a_vida_do_espirito.mp3\" class=\"baixar\"><span class=\"fa fa-arrow-down\"><\/span>Baixar<\/span><\/a> <span class=\"textobaixar\"> 10 &#8211; s\u00e3o jos\u00e9 e a vida do esp\u00edrito<\/span><br \/>\n<span data-href=\"https:\/\/www.irdin.org.br\/site\/envios\/audios\/2867_0021__por_por__transformar_o_mal_em_bem_e_o_que_nos_cabe.mp3\" data-title=\"11 - transformar o mal em bem \u00e9 o que nos cabe\" data-rel=\"\" data-target=\"\" data-meta=\"#fap-meta-69ec8928b4e24\" class=\"fap-single-track fap-track-button fap-play-button\" data-enqueue=\"no\" data-autoenqueue=\"no\" title=\"11 - transformar o mal em bem \u00e9 o que nos cabe\"><span class=\"fap-icon-play\"><\/span>Ouvir<\/span> <a href=\"https:\/\/www.irdin.org.br\/site\/envios\/audios\/2867_0021__por_por__transformar_o_mal_em_bem_e_o_que_nos_cabe.mp3\" class=\"baixar\"><span class=\"fa fa-arrow-down\"><\/span>Baixar<\/span><\/a> <span class=\"textobaixar\"> 11 &#8211; transformar o mal em bem \u00e9 o que nos cabe<\/span><br \/>\n<span data-href=\"https:\/\/www.irdin.org.br\/site\/envios\/audios\/2867_0022__por_por__quem_confia_sente_paz.mp3\" data-title=\"12 - quem confia, sente paz\" data-rel=\"\" data-target=\"\" data-meta=\"#fap-meta-69ec8928b4eac\" class=\"fap-single-track fap-track-button fap-play-button\" data-enqueue=\"no\" data-autoenqueue=\"no\" title=\"12 - quem confia, sente paz\"><span class=\"fap-icon-play\"><\/span>Ouvir<\/span> <a href=\"https:\/\/www.irdin.org.br\/site\/envios\/audios\/2867_0022__por_por__quem_confia_sente_paz.mp3\" class=\"baixar\"><span class=\"fa fa-arrow-down\"><\/span>Baixar<\/span><\/a> <span class=\"textobaixar\"> 12 &#8211; quem confia, sente paz<\/span><br \/>\n<span data-href=\"https:\/\/www.irdin.org.br\/site\/envios\/audios\/2867_0023__por_por__a_hora_dos_valentes.mp3\" data-title=\"13 - a hora dos valentes\" data-rel=\"\" data-target=\"\" data-meta=\"#fap-meta-69ec8928b4f21\" class=\"fap-single-track fap-track-button fap-play-button\" data-enqueue=\"no\" data-autoenqueue=\"no\" title=\"13 - a hora dos valentes\"><span class=\"fap-icon-play\"><\/span>Ouvir<\/span> <a href=\"https:\/\/www.irdin.org.br\/site\/envios\/audios\/2867_0023__por_por__a_hora_dos_valentes.mp3\" class=\"baixar\"><span class=\"fa fa-arrow-down\"><\/span>Baixar<\/span><\/a> <span class=\"textobaixar\"> 13 &#8211; a hora dos valentes<\/span><\/p>\n<p>&nbsp;<\/p>\n","protected":false},"excerpt":{"rendered":"<p>Esta cole\u00e7\u00e3o, contendo os volumes 3 e 4, re\u00fane 13 palestras em que Trigueirinho vem aprofundando temas apresentados nas mensagens<\/p>\n","protected":false},"featured_media":71002,"template":"","meta":{"_acf_changed":false},"product_brand":[],"product_cat":[18076,33109],"product_tag":[39139],"class_list":{"0":"post-82881","1":"product","2":"type-product","3":"status-publish","4":"has-post-thumbnail","6":"product_cat-cddvd","7":"product_cat-colecoes","8":"product_tag-39139","9":"pa_autor-trigueirinho","10":"pa_codigo-da-serie-24024","11":"pa_data-de-gravacao-28199","12":"pa_idioma-de-destino-portugues","13":"pa_lancamento-no","14":"pa_midia-cd","15":"pa_moac-39138","16":"pa_quantidade-de-saldo-33067","17":"pa_sequencial-da-serie-31938","18":"pa_tipo-de-traducao-nao-classificado","20":"first","21":"outofstock","22":"product-type-simple"},"acf":[],"_links":{"self":[{"href":"https:\/\/www.irdin.org.br\/site\/wp-json\/wp\/v2\/product\/82881","targetHints":{"allow":["GET"]}}],"collection":[{"href":"https:\/\/www.irdin.org.br\/site\/wp-json\/wp\/v2\/product"}],"about":[{"href":"https:\/\/www.irdin.org.br\/site\/wp-json\/wp\/v2\/types\/product"}],"version-history":[{"count":1,"href":"https:\/\/www.irdin.org.br\/site\/wp-json\/wp\/v2\/product\/82881\/revisions"}],"predecessor-version":[{"id":106702,"href":"https:\/\/www.irdin.org.br\/site\/wp-json\/wp\/v2\/product\/82881\/revisions\/106702"}],"wp:featuredmedia":[{"embeddable":true,"href":"https:\/\/www.irdin.org.br\/site\/wp-json\/wp\/v2\/media\/71002"}],"wp:attachment":[{"href":"https:\/\/www.irdin.org.br\/site\/wp-json\/wp\/v2\/media?parent=82881"}],"wp:term":[{"taxonomy":"product_brand","embeddable":true,"href":"https:\/\/www.irdin.org.br\/site\/wp-json\/wp\/v2\/product_brand?post=82881"},{"taxonomy":"product_cat","embeddable":true,"href":"https:\/\/www.irdin.org.br\/site\/wp-json\/wp\/v2\/product_cat?post=82881"},{"taxonomy":"product_tag","embeddable":true,"href":"https:\/\/www.irdin.org.br\/site\/wp-json\/wp\/v2\/product_tag?post=82881"}],"curies":[{"name":"wp","href":"https:\/\/api.w.org\/{rel}","templated":true}]}}