{"id":82917,"date":"2018-04-26T18:13:07","date_gmt":"2018-04-26T18:13:07","guid":{"rendered":"http:\/\/www.irdin.org.br\/site\/produto\/falas-do-cristo-volumes-1-e-2\/"},"modified":"2025-03-15T23:39:45","modified_gmt":"2025-03-15T23:39:45","slug":"falas-do-cristo-volumes-1-e-2","status":"publish","type":"product","link":"https:\/\/www.irdin.org.br\/site\/produtos\/falas-do-cristo-volumes-1-e-2\/","title":{"rendered":"Falas do Cristo &#8211; Volumes 1 e 2"},"content":{"rendered":"<p>Esta cole\u00e7\u00e3o, contendo os volumes 1 e 2, re\u00fane 15 palestras em que Trigueirinho vem aprofundando a leitura das mensagens transmitidas por Cristo Jesus a um grupo de videntes.<\/p>\n<p>&nbsp;<br \/>\n<strong>Faixas:<\/strong><\/p>\n<p><span data-href=\"https:\/\/www.irdin.org.br\/site\/envios\/audios\/2863_0001__por_por__do_cristo_cosmico_ao_cristo_interno.mp3\" data-title=\"1 - do cristo c\u00f3smico ao cristo interno\" data-rel=\"\" data-target=\"\" data-meta=\"#fap-meta-69f1a85a038df\" class=\"fap-single-track fap-track-button fap-play-button\" data-enqueue=\"no\" data-autoenqueue=\"no\" title=\"1 - do cristo c\u00f3smico ao cristo interno\"><span class=\"fap-icon-play\"><\/span>Ouvir<\/span> <a href=\"https:\/\/www.irdin.org.br\/site\/envios\/audios\/2863_0001__por_por__do_cristo_cosmico_ao_cristo_interno.mp3\" class=\"baixar\"><span class=\"fa fa-arrow-down\"><\/span>Baixar<\/span><\/a> <span class=\"textobaixar\"> 1 &#8211; do cristo c\u00f3smico ao cristo interno<\/span><br \/>\n<span data-href=\"https:\/\/www.irdin.org.br\/site\/envios\/audios\/2863_0002__por_por__fala_conosco_o_cristo_interno.mp3\" data-title=\"2 - fala conosco o cristo interno\" data-rel=\"\" data-target=\"\" data-meta=\"#fap-meta-69f1a85a03a12\" class=\"fap-single-track fap-track-button fap-play-button\" data-enqueue=\"no\" data-autoenqueue=\"no\" title=\"2 - fala conosco o cristo interno\"><span class=\"fap-icon-play\"><\/span>Ouvir<\/span> <a href=\"https:\/\/www.irdin.org.br\/site\/envios\/audios\/2863_0002__por_por__fala_conosco_o_cristo_interno.mp3\" class=\"baixar\"><span class=\"fa fa-arrow-down\"><\/span>Baixar<\/span><\/a> <span class=\"textobaixar\"> 2 &#8211; fala conosco o cristo interno<\/span><br \/>\n<span data-href=\"https:\/\/www.irdin.org.br\/site\/envios\/audios\/2863_0003__por_por__os_tres_humildes_e_sabios_coracoes.mp3\" data-title=\"3 - os tr\u00eas humildes e s\u00e1bios cora\u00e7\u00f5es\" data-rel=\"\" data-target=\"\" data-meta=\"#fap-meta-69f1a85a03aed\" class=\"fap-single-track fap-track-button fap-play-button\" data-enqueue=\"no\" data-autoenqueue=\"no\" title=\"3 - os tr\u00eas humildes e s\u00e1bios cora\u00e7\u00f5es\"><span class=\"fap-icon-play\"><\/span>Ouvir<\/span> <a href=\"https:\/\/www.irdin.org.br\/site\/envios\/audios\/2863_0003__por_por__os_tres_humildes_e_sabios_coracoes.mp3\" class=\"baixar\"><span class=\"fa fa-arrow-down\"><\/span>Baixar<\/span><\/a> <span class=\"textobaixar\"> 3 &#8211; os tr\u00eas humildes e s\u00e1bios cora\u00e7\u00f5es<\/span><br \/>\n<span data-href=\"https:\/\/www.irdin.org.br\/site\/envios\/audios\/2863_0004__por_por__aos_poucos_com_os_quais_se_conta.mp3\" data-title=\"4 - aos poucos com os quais se conta\" data-rel=\"\" data-target=\"\" data-meta=\"#fap-meta-69f1a85a03b9b\" class=\"fap-single-track fap-track-button fap-play-button\" data-enqueue=\"no\" data-autoenqueue=\"no\" title=\"4 - aos poucos com os quais se conta\"><span class=\"fap-icon-play\"><\/span>Ouvir<\/span> <a href=\"https:\/\/www.irdin.org.br\/site\/envios\/audios\/2863_0004__por_por__aos_poucos_com_os_quais_se_conta.mp3\" class=\"baixar\"><span class=\"fa fa-arrow-down\"><\/span>Baixar<\/span><\/a> <span class=\"textobaixar\"> 4 &#8211; aos poucos com os quais se conta<\/span><br \/>\n<span data-href=\"https:\/\/www.irdin.org.br\/site\/envios\/audios\/2863_0005__por_por__da_ilusao_mundial_aos_desafios_que_a_verdade_traz.mp3\" data-title=\"5 - da ilus\u00e3o mundial aos desafios que a verdade traz\" data-rel=\"\" data-target=\"\" data-meta=\"#fap-meta-69f1a85a03c7d\" class=\"fap-single-track fap-track-button fap-play-button\" data-enqueue=\"no\" data-autoenqueue=\"no\" title=\"5 - da ilus\u00e3o mundial aos desafios que a verdade traz\"><span class=\"fap-icon-play\"><\/span>Ouvir<\/span> <a href=\"https:\/\/www.irdin.org.br\/site\/envios\/audios\/2863_0005__por_por__da_ilusao_mundial_aos_desafios_que_a_verdade_traz.mp3\" class=\"baixar\"><span class=\"fa fa-arrow-down\"><\/span>Baixar<\/span><\/a> <span class=\"textobaixar\"> 5 &#8211; da ilus\u00e3o mundial aos desafios que a verdade traz<\/span><br \/>\n<span data-href=\"https:\/\/www.irdin.org.br\/site\/envios\/audios\/2863_0006__por_por__contemplar_em_silencio_e_viver_da_misericordia.mp3\" data-title=\"6 - contemplar em sil\u00eancio e viver da miseric\u00f3rdia\" data-rel=\"\" data-target=\"\" data-meta=\"#fap-meta-69f1a85a03d98\" class=\"fap-single-track fap-track-button fap-play-button\" data-enqueue=\"no\" data-autoenqueue=\"no\" title=\"6 - contemplar em sil\u00eancio e viver da miseric\u00f3rdia\"><span class=\"fap-icon-play\"><\/span>Ouvir<\/span> <a href=\"https:\/\/www.irdin.org.br\/site\/envios\/audios\/2863_0006__por_por__contemplar_em_silencio_e_viver_da_misericordia.mp3\" class=\"baixar\"><span class=\"fa fa-arrow-down\"><\/span>Baixar<\/span><\/a> <span class=\"textobaixar\"> 6 &#8211; contemplar em sil\u00eancio e viver da miseric\u00f3rdia<\/span><br \/>\n<span data-href=\"https:\/\/www.irdin.org.br\/site\/envios\/audios\/2863_0007__por_por__a_cura_e_o_trabalho_com_as_cores_na_nova_humanidade.mp3\" data-title=\"7 - a cura e o trabalho com as cores na nova humanidade\" data-rel=\"\" data-target=\"\" data-meta=\"#fap-meta-69f1a85a03e6e\" class=\"fap-single-track fap-track-button fap-play-button\" data-enqueue=\"no\" data-autoenqueue=\"no\" title=\"7 - a cura e o trabalho com as cores na nova humanidade\"><span class=\"fap-icon-play\"><\/span>Ouvir<\/span> <a href=\"https:\/\/www.irdin.org.br\/site\/envios\/audios\/2863_0007__por_por__a_cura_e_o_trabalho_com_as_cores_na_nova_humanidade.mp3\" class=\"baixar\"><span class=\"fa fa-arrow-down\"><\/span>Baixar<\/span><\/a> <span class=\"textobaixar\"> 7 &#8211; a cura e o trabalho com as cores na nova humanidade<\/span><br \/>\n<span data-href=\"https:\/\/www.irdin.org.br\/site\/envios\/audios\/2863_0009__por_por__a_coligacao_ceu_e_terra.mp3\" data-title=\"1 - a coliga\u00e7\u00e3o c\u00e9u e terra\" data-rel=\"\" data-target=\"\" data-meta=\"#fap-meta-69f1a85a03f1e\" class=\"fap-single-track fap-track-button fap-play-button\" data-enqueue=\"no\" data-autoenqueue=\"no\" title=\"1 - a coliga\u00e7\u00e3o c\u00e9u e terra\"><span class=\"fap-icon-play\"><\/span>Ouvir<\/span> <a href=\"https:\/\/www.irdin.org.br\/site\/envios\/audios\/2863_0009__por_por__a_coligacao_ceu_e_terra.mp3\" class=\"baixar\"><span class=\"fa fa-arrow-down\"><\/span>Baixar<\/span><\/a> <span class=\"textobaixar\"> 1 &#8211; a coliga\u00e7\u00e3o c\u00e9u e terra<\/span><br \/>\n<span data-href=\"https:\/\/www.irdin.org.br\/site\/envios\/audios\/2863_0008__por_por__o_que_e_um_discipulo_do_cristo.mp3\" data-title=\"2 - o que \u00e9 um disc\u00edpulo do cristo\" data-rel=\"\" data-target=\"\" data-meta=\"#fap-meta-69f1a85a03fcd\" class=\"fap-single-track fap-track-button fap-play-button\" data-enqueue=\"no\" data-autoenqueue=\"no\" title=\"2 - o que \u00e9 um disc\u00edpulo do cristo\"><span class=\"fap-icon-play\"><\/span>Ouvir<\/span> <a href=\"https:\/\/www.irdin.org.br\/site\/envios\/audios\/2863_0008__por_por__o_que_e_um_discipulo_do_cristo.mp3\" class=\"baixar\"><span class=\"fa fa-arrow-down\"><\/span>Baixar<\/span><\/a> <span class=\"textobaixar\"> 2 &#8211; o que \u00e9 um disc\u00edpulo do cristo<\/span><br \/>\n<span data-href=\"https:\/\/www.irdin.org.br\/site\/envios\/audios\/2863_0010__por_por__as_bases_do_encontro_com_cristo.mp3\" data-title=\"3 - as bases do encontro com cristo\" data-rel=\"\" data-target=\"\" data-meta=\"#fap-meta-69f1a85a040ac\" class=\"fap-single-track fap-track-button fap-play-button\" data-enqueue=\"no\" data-autoenqueue=\"no\" title=\"3 - as bases do encontro com cristo\"><span class=\"fap-icon-play\"><\/span>Ouvir<\/span> <a href=\"https:\/\/www.irdin.org.br\/site\/envios\/audios\/2863_0010__por_por__as_bases_do_encontro_com_cristo.mp3\" class=\"baixar\"><span class=\"fa fa-arrow-down\"><\/span>Baixar<\/span><\/a> <span class=\"textobaixar\"> 3 &#8211; as bases do encontro com cristo<\/span><br \/>\n<span data-href=\"https:\/\/www.irdin.org.br\/site\/envios\/audios\/2863_0011__por_por__tesouros_a_serem_preservados.mp3\" data-title=\"4 - tesouros a serem preservados\" data-rel=\"\" data-target=\"\" data-meta=\"#fap-meta-69f1a85a0416f\" class=\"fap-single-track fap-track-button fap-play-button\" data-enqueue=\"no\" data-autoenqueue=\"no\" title=\"4 - tesouros a serem preservados\"><span class=\"fap-icon-play\"><\/span>Ouvir<\/span> <a href=\"https:\/\/www.irdin.org.br\/site\/envios\/audios\/2863_0011__por_por__tesouros_a_serem_preservados.mp3\" class=\"baixar\"><span class=\"fa fa-arrow-down\"><\/span>Baixar<\/span><\/a> <span class=\"textobaixar\"> 4 &#8211; tesouros a serem preservados<\/span><br \/>\n<span data-href=\"https:\/\/www.irdin.org.br\/site\/envios\/audios\/2863_0012__por_por__a_busca_dos_verdadeiros_tesouros.mp3\" data-title=\"5 - a busca dos verdadeiros tesouros\" data-rel=\"\" data-target=\"\" data-meta=\"#fap-meta-69f1a85a04269\" class=\"fap-single-track fap-track-button fap-play-button\" data-enqueue=\"no\" data-autoenqueue=\"no\" title=\"5 - a busca dos verdadeiros tesouros\"><span class=\"fap-icon-play\"><\/span>Ouvir<\/span> <a href=\"https:\/\/www.irdin.org.br\/site\/envios\/audios\/2863_0012__por_por__a_busca_dos_verdadeiros_tesouros.mp3\" class=\"baixar\"><span class=\"fa fa-arrow-down\"><\/span>Baixar<\/span><\/a> <span class=\"textobaixar\"> 5 &#8211; a busca dos verdadeiros tesouros<\/span><br \/>\n<span data-href=\"https:\/\/www.irdin.org.br\/site\/envios\/audios\/2863_0013__por_por__o_milagre_do_amor_e_da_redencao_segundo_cristo.mp3\" data-title=\"6 - o milagre do amor e da reden\u00e7\u00e3o, segundo cristo\" data-rel=\"\" data-target=\"\" data-meta=\"#fap-meta-69f1a85a04325\" class=\"fap-single-track fap-track-button fap-play-button\" data-enqueue=\"no\" data-autoenqueue=\"no\" title=\"6 - o milagre do amor e da reden\u00e7\u00e3o, segundo cristo\"><span class=\"fap-icon-play\"><\/span>Ouvir<\/span> <a href=\"https:\/\/www.irdin.org.br\/site\/envios\/audios\/2863_0013__por_por__o_milagre_do_amor_e_da_redencao_segundo_cristo.mp3\" class=\"baixar\"><span class=\"fa fa-arrow-down\"><\/span>Baixar<\/span><\/a> <span class=\"textobaixar\"> 6 &#8211; o milagre do amor e da reden\u00e7\u00e3o, segundo cristo<\/span><br \/>\n<span data-href=\"https:\/\/www.irdin.org.br\/site\/envios\/audios\/2863_0014__por_por__cristo_e_a_compreensao_de_leis_superiores.mp3\" data-title=\"7 - cristo e a compreens\u00e3o de leis superiores\" data-rel=\"\" data-target=\"\" data-meta=\"#fap-meta-69f1a85a043d4\" class=\"fap-single-track fap-track-button fap-play-button\" data-enqueue=\"no\" data-autoenqueue=\"no\" title=\"7 - cristo e a compreens\u00e3o de leis superiores\"><span class=\"fap-icon-play\"><\/span>Ouvir<\/span> <a href=\"https:\/\/www.irdin.org.br\/site\/envios\/audios\/2863_0014__por_por__cristo_e_a_compreensao_de_leis_superiores.mp3\" class=\"baixar\"><span class=\"fa fa-arrow-down\"><\/span>Baixar<\/span><\/a> <span class=\"textobaixar\"> 7 &#8211; cristo e a compreens\u00e3o de leis superiores<\/span><br \/>\n<span data-href=\"https:\/\/www.irdin.org.br\/site\/envios\/audios\/2863_0015__por_por__rumo_ao_templo_do_coracao.mp3\" data-title=\"8 - rumo ao templo do cora\u00e7\u00e3o\" data-rel=\"\" data-target=\"\" data-meta=\"#fap-meta-69f1a85a044a3\" class=\"fap-single-track fap-track-button fap-play-button\" data-enqueue=\"no\" data-autoenqueue=\"no\" title=\"8 - rumo ao templo do cora\u00e7\u00e3o\"><span class=\"fap-icon-play\"><\/span>Ouvir<\/span> <a href=\"https:\/\/www.irdin.org.br\/site\/envios\/audios\/2863_0015__por_por__rumo_ao_templo_do_coracao.mp3\" class=\"baixar\"><span class=\"fa fa-arrow-down\"><\/span>Baixar<\/span><\/a> <span class=\"textobaixar\"> 8 &#8211; rumo ao templo do cora\u00e7\u00e3o<\/span><\/p>\n<p>&nbsp;<\/p>\n","protected":false},"excerpt":{"rendered":"<p>Esta cole\u00e7\u00e3o, contendo os volumes 1 e 2, re\u00fane 15 palestras em que Trigueirinho vem aprofundando a leitura das mensagens<\/p>\n","protected":false},"featured_media":57300,"template":"","meta":{"_acf_changed":false},"product_brand":[],"product_cat":[18076,33109],"product_tag":[39173],"class_list":{"0":"post-82917","1":"product","2":"type-product","3":"status-publish","4":"has-post-thumbnail","6":"product_cat-cddvd","7":"product_cat-colecoes","8":"product_tag-39173","9":"pa_autor-trigueirinho","10":"pa_codigo-da-serie-24024","11":"pa_data-de-gravacao-24052","12":"pa_idioma-de-destino-portugues","13":"pa_lancamento-no","14":"pa_midia-cd","15":"pa_moac-39172","16":"pa_quantidade-de-saldo-33067","17":"pa_sequencial-da-serie-31937","18":"pa_tipo-de-traducao-nao-classificado","20":"first","21":"outofstock","22":"product-type-simple"},"acf":[],"_links":{"self":[{"href":"https:\/\/www.irdin.org.br\/site\/wp-json\/wp\/v2\/product\/82917","targetHints":{"allow":["GET"]}}],"collection":[{"href":"https:\/\/www.irdin.org.br\/site\/wp-json\/wp\/v2\/product"}],"about":[{"href":"https:\/\/www.irdin.org.br\/site\/wp-json\/wp\/v2\/types\/product"}],"version-history":[{"count":1,"href":"https:\/\/www.irdin.org.br\/site\/wp-json\/wp\/v2\/product\/82917\/revisions"}],"predecessor-version":[{"id":106689,"href":"https:\/\/www.irdin.org.br\/site\/wp-json\/wp\/v2\/product\/82917\/revisions\/106689"}],"wp:featuredmedia":[{"embeddable":true,"href":"https:\/\/www.irdin.org.br\/site\/wp-json\/wp\/v2\/media\/57300"}],"wp:attachment":[{"href":"https:\/\/www.irdin.org.br\/site\/wp-json\/wp\/v2\/media?parent=82917"}],"wp:term":[{"taxonomy":"product_brand","embeddable":true,"href":"https:\/\/www.irdin.org.br\/site\/wp-json\/wp\/v2\/product_brand?post=82917"},{"taxonomy":"product_cat","embeddable":true,"href":"https:\/\/www.irdin.org.br\/site\/wp-json\/wp\/v2\/product_cat?post=82917"},{"taxonomy":"product_tag","embeddable":true,"href":"https:\/\/www.irdin.org.br\/site\/wp-json\/wp\/v2\/product_tag?post=82917"}],"curies":[{"name":"wp","href":"https:\/\/api.w.org\/{rel}","templated":true}]}}