{"id":83721,"date":"2018-04-26T18:25:58","date_gmt":"2018-04-26T18:25:58","guid":{"rendered":"http:\/\/www.irdin.org.br\/site\/produto\/consideracoes-sobre-igualdade\/"},"modified":"2025-03-15T19:36:55","modified_gmt":"2025-03-15T19:36:55","slug":"consideracoes-sobre-igualdade","status":"publish","type":"product","link":"https:\/\/www.irdin.org.br\/site\/produtos\/consideracoes-sobre-igualdade\/","title":{"rendered":"Considera\u00e7\u00f5es sobre Igualdade"},"content":{"rendered":"<p><em>Igualdade \u00e9 a base da consci\u00eancia espiritual. Come\u00e7a na alma e se desenvolve \u00e0 medida que ela vai reconhecendo a vida \u00fanica.<\/em><\/p>\n<p>&nbsp;<br \/>\n<strong>Ou\u00e7a agora:<\/strong><\/p>\n<p><span data-href=\"https:\/\/www.irdin.org.br\/site\/envios\/audios\/0045_0002__por_por__consideracoes_sobre_igualdade.mp3\" data-title=\"considera\u00e7\u00f5es sobre igualdade\" data-rel=\"\" data-target=\"\" data-meta=\"#fap-meta-69ede7da86282\" class=\"fap-single-track fap-track-button fap-play-button\" data-enqueue=\"no\" data-autoenqueue=\"no\" title=\"considera\u00e7\u00f5es sobre igualdade\"><span class=\"fap-icon-play\"><\/span>Ouvir<\/span> <a href=\"https:\/\/www.irdin.org.br\/site\/envios\/audios\/0045_0002__por_por__consideracoes_sobre_igualdade.mp3\" class=\"baixar\" download><span class=\"fa fa-arrow-down\"><\/span>Baixar<\/span><\/a> <span class=\"textobaixar\"> considera\u00e7\u00f5es sobre igualdade<\/span><\/p>\n<p>&nbsp;<\/p>\n","protected":false},"excerpt":{"rendered":"<p>Igualdade \u00e9 a base da consci\u00eancia espiritual. Come\u00e7a na alma e se desenvolve \u00e0 medida que ela vai reconhecendo a<\/p>\n","protected":false},"featured_media":37803,"template":"","meta":{"_acf_changed":false},"product_brand":[],"product_cat":[18076,33068],"product_tag":[40743],"class_list":{"0":"post-83721","1":"product","2":"type-product","3":"status-publish","4":"has-post-thumbnail","6":"product_cat-cddvd","7":"product_cat-palestras","8":"product_tag-40743","9":"pa_autor-trigueirinho","10":"pa_codigo-da-serie-32823","11":"pa_data-de-gravacao-31282","12":"pa_idioma-de-destino-portugues","13":"pa_lancamento-no","14":"pa_midia-cd","15":"pa_moac-40742","16":"pa_quantidade-de-saldo-33067","17":"pa_sequencial-da-serie-31878","18":"pa_tipo-de-traducao-nao-classificado","20":"first","21":"outofstock","22":"product-type-simple"},"acf":[],"_links":{"self":[{"href":"https:\/\/www.irdin.org.br\/site\/wp-json\/wp\/v2\/product\/83721","targetHints":{"allow":["GET"]}}],"collection":[{"href":"https:\/\/www.irdin.org.br\/site\/wp-json\/wp\/v2\/product"}],"about":[{"href":"https:\/\/www.irdin.org.br\/site\/wp-json\/wp\/v2\/types\/product"}],"version-history":[{"count":1,"href":"https:\/\/www.irdin.org.br\/site\/wp-json\/wp\/v2\/product\/83721\/revisions"}],"predecessor-version":[{"id":108531,"href":"https:\/\/www.irdin.org.br\/site\/wp-json\/wp\/v2\/product\/83721\/revisions\/108531"}],"wp:featuredmedia":[{"embeddable":true,"href":"https:\/\/www.irdin.org.br\/site\/wp-json\/wp\/v2\/media\/37803"}],"wp:attachment":[{"href":"https:\/\/www.irdin.org.br\/site\/wp-json\/wp\/v2\/media?parent=83721"}],"wp:term":[{"taxonomy":"product_brand","embeddable":true,"href":"https:\/\/www.irdin.org.br\/site\/wp-json\/wp\/v2\/product_brand?post=83721"},{"taxonomy":"product_cat","embeddable":true,"href":"https:\/\/www.irdin.org.br\/site\/wp-json\/wp\/v2\/product_cat?post=83721"},{"taxonomy":"product_tag","embeddable":true,"href":"https:\/\/www.irdin.org.br\/site\/wp-json\/wp\/v2\/product_tag?post=83721"}],"curies":[{"name":"wp","href":"https:\/\/api.w.org\/{rel}","templated":true}]}}