{"id":84152,"date":"2018-04-26T18:33:04","date_gmt":"2018-04-26T18:33:04","guid":{"rendered":"http:\/\/www.irdin.org.br\/site\/produto\/as-criancas-indigo-1\/"},"modified":"2025-03-13T01:34:18","modified_gmt":"2025-03-13T01:34:18","slug":"as-criancas-indigo-1","status":"publish","type":"product","link":"https:\/\/www.irdin.org.br\/site\/produtos\/as-criancas-indigo-1\/","title":{"rendered":"As crian\u00e7as \u00edndigo &#8211; 1"},"content":{"rendered":"<p><em>Samuel conversa conosco sobre as crian\u00e7as que abrem caminhos para o novo estado intuitivo da ra\u00e7a humana.<\/em><\/p>\n<p>&nbsp;<br \/>\n<strong>Ou\u00e7a agora:<\/strong><\/p>\n<p><span data-href=\"https:\/\/www.irdin.org.br\/site\/envios\/audios\/0401_0003__por_por__as_criancas_indigo_1.mp3\" data-title=\"as crian\u00e7as \u00edndigo - 1\" data-rel=\"\" data-target=\"\" data-meta=\"#fap-meta-69f77d08866af\" class=\"fap-single-track fap-track-button fap-play-button\" data-enqueue=\"no\" data-autoenqueue=\"no\" title=\"as crian\u00e7as \u00edndigo - 1\"><span class=\"fap-icon-play\"><\/span>Ouvir<\/span> <a href=\"https:\/\/www.irdin.org.br\/site\/envios\/audios\/0401_0003__por_por__as_criancas_indigo_1.mp3\" class=\"baixar\" download><span class=\"fa fa-arrow-down\"><\/span>Baixar<\/span><\/a> <span class=\"textobaixar\"> as crian\u00e7as \u00edndigo &#8211; 1<\/span><\/p>\n<p>&nbsp;<\/p>\n","protected":false},"excerpt":{"rendered":"<p>Samuel conversa conosco sobre as crian\u00e7as que abrem caminhos para o novo estado intuitivo da ra\u00e7a humana. &nbsp; Ou\u00e7a agora:<\/p>\n","protected":false},"featured_media":37803,"template":"","meta":{"_acf_changed":false},"product_brand":[],"product_cat":[18076,33068],"product_tag":[41605],"class_list":{"0":"post-84152","1":"product","2":"type-product","3":"status-publish","4":"has-post-thumbnail","6":"product_cat-cddvd","7":"product_cat-palestras","8":"product_tag-41605","9":"pa_autor-samuel","10":"pa_codigo-da-serie-31977","11":"pa_codigo-externo-04010003porcd","12":"pa_data-de-gravacao-19004","13":"pa_duracao-35min26s","14":"pa_idioma-de-destino-portugues","15":"pa_idioma-de-origem-portugues","16":"pa_lancamento-no","17":"pa_midia-cd","18":"pa_moac-41604","19":"pa_quantidade-de-saldo-33067","20":"pa_sequencial-da-serie-31879","21":"pa_tipo-de-traducao-nao-classificado","23":"first","24":"outofstock","25":"product-type-simple"},"acf":[],"_links":{"self":[{"href":"https:\/\/www.irdin.org.br\/site\/wp-json\/wp\/v2\/product\/84152","targetHints":{"allow":["GET"]}}],"collection":[{"href":"https:\/\/www.irdin.org.br\/site\/wp-json\/wp\/v2\/product"}],"about":[{"href":"https:\/\/www.irdin.org.br\/site\/wp-json\/wp\/v2\/types\/product"}],"version-history":[{"count":1,"href":"https:\/\/www.irdin.org.br\/site\/wp-json\/wp\/v2\/product\/84152\/revisions"}],"predecessor-version":[{"id":108128,"href":"https:\/\/www.irdin.org.br\/site\/wp-json\/wp\/v2\/product\/84152\/revisions\/108128"}],"wp:featuredmedia":[{"embeddable":true,"href":"https:\/\/www.irdin.org.br\/site\/wp-json\/wp\/v2\/media\/37803"}],"wp:attachment":[{"href":"https:\/\/www.irdin.org.br\/site\/wp-json\/wp\/v2\/media?parent=84152"}],"wp:term":[{"taxonomy":"product_brand","embeddable":true,"href":"https:\/\/www.irdin.org.br\/site\/wp-json\/wp\/v2\/product_brand?post=84152"},{"taxonomy":"product_cat","embeddable":true,"href":"https:\/\/www.irdin.org.br\/site\/wp-json\/wp\/v2\/product_cat?post=84152"},{"taxonomy":"product_tag","embeddable":true,"href":"https:\/\/www.irdin.org.br\/site\/wp-json\/wp\/v2\/product_tag?post=84152"}],"curies":[{"name":"wp","href":"https:\/\/api.w.org\/{rel}","templated":true}]}}